{"id":34728,"date":"2016-06-28T12:39:00","date_gmt":"2016-06-28T10:39:00","guid":{"rendered":"http:\/\/newparadigm.schillerinstitute.com\/fr\/conference-berlin-2016-june-25-26\/"},"modified":"2016-07-18T18:18:24","modified_gmt":"2016-07-18T16:18:24","slug":"conference-berlin-2016-june-25-26","status":"publish","type":"page","link":"https:\/\/schillerinstitute.com\/fr\/conference-berlin-2016-june-25-26\/","title":{"rendered":"Conference Berlin 2016 June 25-26"},"content":{"rendered":"<p>&nbsp;<\/p>\n<div class=\"big-title\">\n<div class=\"bar\"><\/div>\n<h2>Pr\u00e9sentations<\/h2>\n<p class=\"sub-title-empty\">&nbsp;<\/p>\n<\/div>\n<p><img loading=\"lazy\" decoding=\"async\" class=\"alignnone wp-image-35688\" src=\"http:\/\/newparadigm.schillerinstitute.com\/wp-content\/uploads\/2016\/07\/Screenshot-IT.png\" alt=\"Screenshot-IT\" width=\"960\" height=\"267\" srcset=\"https:\/\/schillerinstitute.com\/wp-content\/uploads\/2016\/07\/Screenshot-IT.png 1080w, https:\/\/schillerinstitute.com\/wp-content\/uploads\/2016\/07\/Screenshot-IT-300x83.png 300w, https:\/\/schillerinstitute.com\/wp-content\/uploads\/2016\/07\/Screenshot-IT-768x213.png 768w, https:\/\/schillerinstitute.com\/wp-content\/uploads\/2016\/07\/Screenshot-IT-1024x284.png 1024w\" sizes=\"auto, (max-width: 960px) 100vw, 960px\" \/><\/p>\n<ul class=\"tabs\" data-tab-id=\"\">\n<li><a href=\"#tab1\">Programme<\/a><\/li>\n<li><a href=\"#tab2\">Introduction<\/a><\/li>\n<li><a href=\"#tab3\">R\u00e9solution (Y\u00e9men)<\/a><\/li>\n<li><a href=\"#tab4\">R\u00e9solution (la Russie et la Syrie)<\/a><\/li>\n<\/ul>\n<div class=\"tab-container\">\n<div class=\"tab-content\">\n<div class=\"toggle-container\"><a href=\"#\" class=\"toggle\"><span class=\"toggle-sign\"><\/span><span class=\"toggle-title\">Panel 1 : Une crise strat\u00e9gique plus dangereuse que l\u2019apog\u00e9e de la guerre froide<\/span><\/a><\/p>\n<div class=\"toggle-content\">\n<table>\n<tbody>\n<tr>\n<td><a href=\"https:\/\/schillerinstitute.com\/fr\/media\/helga-zepp-larouche-lavenir-de-l-homme\/\"><img decoding=\"async\" class=\"alignnone  wp-image-29690\" src=\"http:\/\/newparadigm.schillerinstitute.com\/wp-content\/uploads\/2016\/06\/NP-HZL-screenshot-480x300-crop.png\" alt=\"Helga Zepp-LaRouche: L\u2019avenir de l\u2019homme sera merveilleux, pourvu qu\u2019on lui \u00e9vite le destin des dinosaures\" \/><\/a><\/td>\n<td>\n<h3><a href=\"https:\/\/schillerinstitute.com\/fr\/media\/helga-zepp-larouche-lavenir-de-l-homme\/\">L\u2019avenir de l\u2019homme sera merveilleux, pourvu qu\u2019on lui \u00e9vite le destin des dinosaures<\/a><\/h3>\n<p><strong>Helga Zepp-LaRouche,<\/strong><br \/>\nPr\u00e9sidente de l\u2019Institut Schiller.<\/td>\n<\/tr>\n<tr>\n<td><a href=\"https:\/\/schillerinstitute.com\/fr\/media\/chas-freeman-la-responsabilite-americaine-dans-le-desordre-mondial\/\"><img decoding=\"async\" class=\"alignnone  wp-image-29690\" src=\"http:\/\/newparadigm.schillerinstitute.com\/wp-content\/uploads\/2016\/06\/NP-Freeman-01-screenshot-480x300-crop.png\" alt=\"Chas Freeman : la responsabilit\u00e9 am\u00e9ricaine dans le nouveau d\u00e9sordre mondial\" \/><\/a><\/td>\n<td>\n<h3><a href=\"https:\/\/schillerinstitute.com\/fr\/media\/chas-freeman-la-responsabilite-americaine-dans-le-desordre-mondial\/\">La responsabilit\u00e9 am\u00e9ricaine dans le nouveau d\u00e9sordre mondial<\/a><\/h3>\n<p><strong>Chas Freeman<\/strong><br \/>\nAncien ambassadeur des Etats-Unis en Arabie saoudite et interpr\u00e8te principal de Nixon lors de son d\u00e9placement en Chine en 1972.<\/td>\n<\/tr>\n<tr>\n<td><a href=\"https:\/\/schillerinstitute.com\/fr\/media\/col-alain-corvez-hybris-americain\/\"><img decoding=\"async\" class=\"alignnone  wp-image-29690\" src=\"http:\/\/newparadigm.schillerinstitute.com\/wp-content\/uploads\/2016\/06\/NP-Corvez-480x300-crop.png\" alt=\"Alain Corvez : l\u2019hybris am\u00e9ricain aura-t-il une fin, ou dispara\u00eetra-t-il avec nous dans une combustion universelle ?\" \/><\/a><\/td>\n<td>\n<h3><a href=\"https:\/\/schillerinstitute.com\/fr\/media\/col-alain-corvez-hybris-americain\/\">L\u2019hybris am\u00e9ricain aura-t-il une fin, ou dispara\u00eetra-t-il avec nous dans une combustion universelle ?<\/a><\/h3>\n<p><strong>Alain Corvez<\/strong><br \/>\nConsultant international et ancien conseiller au minist\u00e8re fran\u00e7ais de la D\u00e9fense et de l&#8217;Int\u00e9rieur.<\/td>\n<\/tr>\n<tr>\n<td><a href=\"https:\/\/schillerinstitute.com\/fr\/media\/colonel-ulrich-scholz-guerre-pathologie-occidentale\/\"><img decoding=\"async\" class=\"alignnone  wp-image-29690\" src=\"http:\/\/newparadigm.schillerinstitute.com\/wp-content\/uploads\/2016\/06\/NP-Scholz-screenshot-480x300-crop.png\" alt=\"Ulrich Scholz : La guerre, une pathologie occidentale \" \/><\/a><\/td>\n<td>\n<h3><a href=\"https:\/\/schillerinstitute.com\/fr\/media\/colonel-ulrich-scholz-guerre-pathologie-occidentale\/\">La guerre, une pathologie occidentale <\/a><\/h3>\n<p><strong>Ulrich Scholz<\/strong><br \/>\nLieutenant-colonel (cr), ancien pilote de chasse, service planification de l\u2019OTAN et conf\u00e9rencier sur l\u2019art de la guerre du ciel.<\/td>\n<\/tr>\n<\/tbody>\n<\/table>\n<\/div>\n<\/div>\n<div class=\"toggle-container\"><a href=\"#\" class=\"toggle\"><span class=\"toggle-sign\"><\/span><span class=\"toggle-title\">Panel 2 : La crise du syst\u00e8me transatlantique et comment la surmonter<\/span><\/a><\/p>\n<div class=\"toggle-content\">\n<table>\n<tbody>\n<tr>\n<td><a href=\"https:\/\/schillerinstitute.com\/fr\/media\/jacques-cheminade-la-methode-larouche-deconomie-physique\/\"><img decoding=\"async\" class=\"alignnone  wp-image-29690\" src=\"\/wp-content\/uploads\/2016\/06\/NP-Cheminade-480x300-crop.png\" alt=\"Jacques Cheminade : La m\u00e9thode de l\u2019\u00c9conomie physique, de Lyndon LaRouche\" \/><\/a><\/td>\n<td>\n<h3><a href=\"https:\/\/schillerinstitute.com\/fr\/media\/jacques-cheminade-la-methode-larouche-deconomie-physique\/\">La m\u00e9thode de l\u2019\u00c9conomie physique, de Lyndon LaRouche<\/a><\/h3>\n<p><strong>Jacques Cheminade,<\/strong><br \/>\nCandidat \u00e0 la Pr\u00e9sidence de la R\u00e9publique fran\u00e7aise.<\/td>\n<\/tr>\n<tr>\n<td><a href=\"https:\/\/schillerinstitute.com\/fr\/media\/marco-zanni-the-collapse-of-the-european-financial-system-and-the-failure-of-the-banking-union\/\"><img decoding=\"async\" class=\"alignnone  wp-image-29690\" src=\"\/wp-content\/uploads\/2016\/06\/NP-Zanni-screenshot-480x300-crop.png\" alt=\"Marco Zanni : L\u2019effondrement du syst\u00e8me financier europ\u00e9en et l\u2019\u00e9chec de l\u2019Union bancaire\" \/><\/a><\/td>\n<td>\n<h3><a href=\"https:\/\/schillerinstitute.com\/fr\/media\/marco-zanni-the-collapse-of-the-european-financial-system-and-the-failure-of-the-banking-union\/\">L\u2019effondrement du syst\u00e8me financier europ\u00e9en et l\u2019\u00e9chec de l\u2019Union bancaire<\/a><\/h3>\n<p><strong>Marco Zanni<\/strong><br \/>\nChef du groupe Mouvement 5 \u00e9toiles, eurod\u00e9put\u00e9, Commission des affaires \u00e9conomiques et mon\u00e9taires.<\/td>\n<\/tr>\n<tr>\n<td><a href=\"https:\/\/schillerinstitute.com\/fr\/media\/daisuke-kotegawa-japans-outlook-concerning-eurasian-cooperation\/\"><img decoding=\"async\" class=\"alignnone  wp-image-29690\" src=\"\/wp-content\/uploads\/2016\/06\/NP-Kotegawa-screenshot-480x300-crop.png\" alt=\"Daisuke Kotegawa : Une vision japonaise de la coop\u00e9ration en Eurasie\" \/><\/a><\/td>\n<td>\n<h3><a href=\"https:\/\/schillerinstitute.com\/fr\/media\/daisuke-kotegawa-japans-outlook-concerning-eurasian-cooperation\/\">Une vision japonaise de la coop\u00e9ration en Eurasie<\/a><\/h3>\n<p><strong>Daisuke Kotegawa<\/strong><br \/>\nAncien repr\u00e9sentant du Japon au FMI, Institut Canon, Japon.<\/td>\n<\/tr>\n<tr>\n<td><a href=\"https:\/\/schillerinstitute.com\/fr\/media\/leonidas-chrysantopoulos-global-crisis-proposals-for-solution\/\"><img decoding=\"async\" class=\"alignnone  wp-image-29690\" src=\"\/wp-content\/uploads\/2016\/06\/NP-Chrysantopoulos-screenshot-480x300-crop.png\" alt=\"Leonidas Chrysanthopoulos : Crise mondiale : proposition de solutions\" \/><\/a><\/td>\n<td>\n<h3><a href=\"https:\/\/schillerinstitute.com\/fr\/media\/leonidas-chrysantopoulos-global-crisis-proposals-for-solution\/\">La guerre, une pathologie occidentale <\/a><\/h3>\n<p><strong>Leonidas Chrysanthopoulos<\/strong><br \/>\nAncien ambassadeur grec en Pologne au Canada et en Arm\u00e9nie, minist\u00e8re des Affaires \u00e9trang\u00e8res de 2006 \u00e0 2012, EPAM (Front populaire uni).<\/td>\n<\/tr>\n<\/tbody>\n<\/table>\n<\/div>\n<\/div>\n<div class=\"toggle-container\"><a href=\"#\" class=\"toggle\"><span class=\"toggle-sign\"><\/span><span class=\"toggle-title\">Panel 3 : La Nouvelle route de la soie<\/span><\/a><\/p>\n<div class=\"toggle-content\">\n<table>\n<tbody>\n<tr>\n<td><a href=\"https:\/\/schillerinstitute.com\/fr\/media\/ren-lin-the-new-silk-road-win-win-perspective\/\"><img decoding=\"async\" class=\"alignnone  wp-image-29690\" src=\"\/wp-content\/uploads\/2016\/06\/NP-Lin-screenshot-480x300-crop.png\" alt=\"Ren Lin : Pour une coop\u00e9ration mondiale plus inclusive\" \/><\/a><\/td>\n<td>\n<h3><a href=\"https:\/\/schillerinstitute.com\/fr\/media\/ren-lin-the-new-silk-road-win-win-perspective\/\">Pour une coop\u00e9ration mondiale plus inclusive<\/a><\/h3>\n<p><strong>Ren Lin,<\/strong><br \/>\nChercheuse, sp\u00e9cialiste de la politique One Belt, One Road (OBOR) aupr\u00e8s de l\u2019Acad\u00e9mie chinoise des sciences sociales (CASS).<\/td>\n<\/tr>\n<tr>\n<td><a href=\"https:\/\/schillerinstitute.com\/fr\/media\/h-e-hamid-sidig-greeting\/\"><img decoding=\"async\" class=\"alignnone  wp-image-29690\" src=\"\/wp-content\/uploads\/2016\/06\/NP-Sidig-screenshot-480x300-crop.png\" alt=\"S.E. Hamid Sidig : R\u00e9tablir la paix en Afghanistan\" \/><\/a><\/td>\n<td>\n<h3><a href=\"https:\/\/schillerinstitute.com\/fr\/media\/h-e-hamid-sidig-greeting\/\">R\u00e9tablir la paix en Afghanistan<\/a><\/h3>\n<p><strong>S.E. Hamid Sidig,<\/strong><br \/>\nAmbassadeur extraordinaire et pl\u00e9nipotentiaire de la R\u00e9publique Islamique d\u2019Afghanistan \u00e0 Berlin.<\/td>\n<\/tr>\n<tr>\n<td><a href=\"https:\/\/schillerinstitute.com\/fr\/media\/egbert-drews-international-networking-in-the-economy-practical-experience\/\"><img decoding=\"async\" class=\"alignnone  wp-image-29690\" src=\"\/wp-content\/uploads\/2016\/07\/NP-Panelist-Profile-Drews-480x300-crop.png\" alt=\"Egbert Drews : Le r\u00e9seautage \u00e9conomique international, exp\u00e9rience pratique\" \/><\/a><\/td>\n<td>\n<h3><a href=\"https:\/\/schillerinstitute.com\/fr\/media\/egbert-drews-international-networking-in-the-economy-practical-experience\/\">Le r\u00e9seautage \u00e9conomique international, exp\u00e9rience pratique<\/a><\/h3>\n<p><strong>Egbert Drews<\/strong><br \/>\nMembre du CA de Marwiko AG, Berlin.<\/td>\n<\/tr>\n<tr>\n<td><a href=\"https:\/\/schillerinstitute.com\/fr\/media\/michel-raimbaud-in-syria-and-elsewhere-against-the-war-party-and-the-law-of-the-jungle-rebuild-peace-in-accordance-with-law\/\"><img decoding=\"async\" class=\"alignnone  wp-image-29690\" src=\"\/wp-content\/uploads\/2016\/06\/NP-Raimbaud-screenshot-480x300-crop.png\" alt=\"Michel Raimbaud : En Syrie ou ailleurs, contre le parti de la guerre et la loi de la jungle, reb\u00e2tir la paix dans le respect du droit international\" \/><\/a><\/td>\n<td>\n<h3><a href=\"https:\/\/schillerinstitute.com\/fr\/media\/michel-raimbaud-in-syria-and-elsewhere-against-the-war-party-and-the-law-of-the-jungle-rebuild-peace-in-accordance-with-law\/\">En Syrie ou ailleurs, contre le parti de la guerre et la loi de la jungle, reb\u00e2tir la paix dans le respect du droit international<\/a><\/h3>\n<p><strong>Michel Raimbaud<\/strong><br \/>\nAncien ambassadeur (retrait\u00e9), a servi notamment dans le monde arabe, en Afrique et en Am\u00e9rique latine, ancien directeur de l\u2019Office fran\u00e7ais de protection des r\u00e9fugi\u00e9s et apatrides (OFPRA).<\/td>\n<\/tr>\n<tr>\n<td><a href=\"https:\/\/schillerinstitute.com\/fr\/media\/her-excellency-dr-bouthaina-shabaan-reconstruction-with-syrian-characteristics-rebuilding-a-truly-diverse-and-more-secure-world-based-on-the-lessons-of-the-syrian-experience\/\"><img decoding=\"async\" class=\"alignnone  wp-image-29690\" src=\"\/wp-content\/uploads\/2016\/06\/Shabaan-screenshot-480x300-crop.png\" alt=\"Bouthaina Shaaban : Reconstruire un monde v\u00e9ritablement plus pluraliste et plus s\u00fbr, fond\u00e9 sur les le\u00e7ons de l\u2019exp\u00e9rience syrienne\" \/><\/a><\/td>\n<td>\n<h3><a href=\"https:\/\/schillerinstitute.com\/fr\/media\/her-excellency-dr-bouthaina-shabaan-reconstruction-with-syrian-characteristics-rebuilding-a-truly-diverse-and-more-secure-world-based-on-the-lessons-of-the-syrian-experience\/\">Reconstruire un monde v\u00e9ritablement plus pluraliste et plus s\u00fbr, fond\u00e9 sur les le\u00e7ons de l\u2019exp\u00e9rience syrienne<\/a><\/h3>\n<p><strong>Bouthaina Shaaban<\/strong><br \/>\nConseill\u00e8re de la pr\u00e9sidence syrienne et ancienne ministre.<\/td>\n<\/tr>\n<tr>\n<td><a href=\"https:\/\/schillerinstitute.com\/fr\/media\/aleppo-the-eternal-city-project-phoenix\/\"><img decoding=\"async\" class=\"alignnone  wp-image-29690\" src=\"\/wp-content\/uploads\/2016\/06\/Aleppo-screenshot-revised-480x300-crop.png\" alt=\"Alep, ville \u00e9ternelle : le Projet Ph\u00e9nix \" \/><\/a><\/td>\n<td>\n<h3><a href=\"https:\/\/schillerinstitute.com\/fr\/media\/aleppo-the-eternal-city-project-phoenix\/\">Alep, ville \u00e9ternelle : le Projet Ph\u00e9nix <\/a><\/h3>\n<p><strong>Vid\u00e9o<\/strong>\n<\/td>\n<\/tr>\n<tr>\n<td><a href=\"https:\/\/schillerinstitute.com\/fr\/media\/talal-moualla-repositioning-of-the-cultural-variable-towards-a-new-modern-cultural-approach\/\"><img decoding=\"async\" class=\"alignnone  wp-image-29690\" src=\"\/wp-content\/uploads\/2016\/07\/NP-Moualla-screenshot-480x300-crop.png\" alt=\"Talal Moualla : Le repositionnement de la variable culturelle : vers une approche culturelle moderne\" \/><\/a><\/td>\n<td>\n<h3><a href=\"https:\/\/schillerinstitute.com\/fr\/media\/talal-moualla-repositioning-of-the-cultural-variable-towards-a-new-modern-cultural-approach\/\">Reconstruire un monde v\u00e9ritablement plus pluraliste et plus s\u00fbr, fond\u00e9 sur les le\u00e7ons de l\u2019exp\u00e9rience syrienne<\/a><\/h3>\n<p><strong>Talal Moualla<\/strong><br \/>\nMembre du conseil d\u2019administration de l\u2019association The Syria Trust for Development, directeur du projet Syrian Cultural Heritage Transformation \u2013 minist\u00e8re syrien de la Culture.<\/td>\n<\/tr>\n<tr>\n<td><a href=\"https:\/\/schillerinstitute.com\/fr\/media\/fouad-al-ghaffari-message-to-the-schiller-institute-conference-from-the-yemeni-advisory-office-for-coordination-with-the-brics\/\"><img decoding=\"async\" class=\"alignnone  wp-image-29690\" src=\"\/wp-content\/uploads\/2016\/06\/Fouad-screenshot-480x300-crop.png\" alt=\"Fouad Al-Ghaffari : Notre mobilisation au Y\u00e9men pour la Nouvelle route de la soie \" \/><\/a><\/td>\n<td>\n<h3><a href=\"https:\/\/schillerinstitute.com\/fr\/media\/fouad-al-ghaffari-message-to-the-schiller-institute-conference-from-the-yemeni-advisory-office-for-coordination-with-the-brics\/\">Notre mobilisation au Y\u00e9men pour la Nouvelle route de la soie <\/a><\/h3>\n<p><strong>Fouad Al-Ghaffari<\/strong><br \/>\nPr\u00e9sident de l\u2019Office consultatif pour la coordination avec les BRICS, Y\u00e9men.<\/td>\n<\/tr>\n<tr>\n<td><a href=\"https:\/\/schillerinstitute.com\/fr\/media\/bereket-simon-a-win-win-cooperation-with-africa\/\"><img decoding=\"async\" class=\"alignnone  wp-image-29690\" src=\"\/wp-content\/uploads\/2016\/07\/NP-Simon-screenshot-480x300-crop.png\" alt=\"Bereket Simon : Une coop\u00e9ration gagnant-gagnant avec l\u2019Afrique\" \/><\/a><\/td>\n<td>\n<h3><a href=\"https:\/\/schillerinstitute.com\/fr\/media\/bereket-simon-a-win-win-cooperation-with-africa\/\">Une coop\u00e9ration gagnant-gagnant avec l\u2019Afrique<\/a><\/h3>\n<p><strong>Bereket Simon<\/strong><br \/>\nPDG de la Banque commerciale \u00e9thiopienne et conseiller du Premier ministre.<\/td>\n<\/tr>\n<\/tbody>\n<\/table>\n<\/div>\n<\/div>\n<div class=\"toggle-container\"><a href=\"#\" class=\"toggle\"><span class=\"toggle-sign\"><\/span><span class=\"toggle-title\">Panel 4 : Aux fronti\u00e8res de la science, exploration spatiale et fusion thermonucl\u00e9aire en tant que &laquo;&nbsp;nouvelle plateforme \u00e9conomique&nbsp;&raquo;<\/span><\/a><\/p>\n<div class=\"toggle-content\">\n<table>\n<tbody>\n<tr>\n<td><a href=\"https:\/\/schillerinstitute.com\/fr\/media\/alain-gachet-technologies-spatiales-eaux-souterraines\/\"><img decoding=\"async\" class=\"alignnone  wp-image-29690\" src=\"\/wp-content\/uploads\/2016\/06\/NP-Gachet-480x300-crop.png\" alt=\"Alain Gachet : Faire jaillir l\u2019eau du d\u00e9sert gr\u00e2ce aux satellites\" \/><\/a><\/td>\n<td>\n<h3><a href=\"https:\/\/schillerinstitute.com\/fr\/media\/alain-gachet-technologies-spatiales-eaux-souterraines\/\">Faire jaillir l\u2019eau du d\u00e9sert gr\u00e2ce aux satellites<\/a><\/h3>\n<p><strong>Alain Gachet,<\/strong><br \/>\nIng\u00e9nieur des Mines, explorateur et pr\u00e9sident de Radar Technologies International (RTI), France.<\/td>\n<\/tr>\n<tr>\n<td><a href=\"https:\/\/schillerinstitute.com\/fr\/media\/rainer-sandau-towards-a-new-era-of-international-space-cooperation\/\"><img decoding=\"async\" class=\"alignnone  wp-image-29690\" src=\"\/wp-content\/uploads\/2016\/07\/NP-Sandau-480x300-crop.png\" alt=\"Rainer Sandau : Vers une nouvelle \u00e8re de coop\u00e9ration spatiale internationale\" \/><\/a><\/td>\n<td>\n<h3><a href=\"https:\/\/schillerinstitute.com\/fr\/media\/rainer-sandau-towards-a-new-era-of-international-space-cooperation\/\">Vers une nouvelle \u00e8re de coop\u00e9ration spatiale internationale<\/a><\/h3>\n<p><strong>Rainer Sandau<\/strong><br \/>\nDirecteur technique, applications satellitaires, International Academy of Astronautics (IAA).<\/td>\n<\/tr>\n<tr>\n<td><a href=\"https:\/\/schillerinstitute.com\/fr\/media\/adeline-djeutie-sustaining-energy-development-in-developing-and-emerging-countries-what-role-could-nuclear-energy-play\/\"><img decoding=\"async\" class=\"alignnone  wp-image-29690\" src=\"\/wp-content\/uploads\/2016\/07\/NP-Djeutie-480x300-crop.png\" alt=\"Adeline Djeutie : Soutenir le d\u00e9veloppement \u00e9nerg\u00e9tique dans les pays en d\u00e9veloppement et \u00e9mergents : Quel r\u00f4le pour le nucl\u00e9aire ?\" \/><\/a><\/td>\n<td>\n<h3><a href=\"https:\/\/schillerinstitute.com\/fr\/media\/adeline-djeutie-sustaining-energy-development-in-developing-and-emerging-countries-what-role-could-nuclear-energy-play\/\">Soutenir le d\u00e9veloppement \u00e9nerg\u00e9tique dans les pays en d\u00e9veloppement et \u00e9mergents : Quel r\u00f4le pour le nucl\u00e9aire ?<\/a><\/h3>\n<p><strong>Adeline Djeutie<\/strong><br \/>\nConsultante ind\u00e9pendante, Vienne.<\/td>\n<\/tr>\n<\/tbody>\n<\/table>\n<\/div>\n<\/div>\n<div class=\"toggle-container\"><a href=\"#\" class=\"toggle\"><span class=\"toggle-sign\"><\/span><span class=\"toggle-title\">Panel 5 : L\u2019h\u00e9ritage culturel et historique commun \u00e0 l\u2019Europe, la Chine, la Russie, l\u2019Am\u00e9rique et au monde arabe<\/span><\/a><\/p>\n<div class=\"toggle-content\">\n<table>\n<tbody>\n<tr>\n<td><a href=\"https:\/\/schillerinstitute.com\/fr\/media\/gian-marco-sanna-the-verdi-tuning-a-demonstration\/\"><img decoding=\"async\" class=\"alignnone  wp-image-29690\" src=\"\/wp-content\/uploads\/2016\/07\/NP-Sanna-480x300-crop.png\" alt=\"Gian Marco Sanna : Le diapason de Verdi, une d\u00e9monstration\" \/><\/a><\/td>\n<td>\n<h3><a href=\"https:\/\/schillerinstitute.com\/fr\/media\/gian-marco-sanna-the-verdi-tuning-a-demonstration\/\">Le diapason de Verdi, une d\u00e9monstration<\/a><\/h3>\n<p><strong>Gian Marco Sanna,<\/strong><br \/>\nVioliniste, fondateur et directeur artistique du Projet Geminiani, Londres.<\/td>\n<\/tr>\n<tr>\n<td><a href=\"https:\/\/schillerinstitute.com\/fr\/media\/hussein-askary-la-beaute-de-la-renaissance-islamique-lhorloge-elephant\/\"><img decoding=\"async\" class=\"alignnone  wp-image-29690\" src=\"\/wp-content\/uploads\/2016\/06\/NP-Hussein-480x300-crop.png\" alt=\"Hussein Askary : La beaut\u00e9 de la Renaissance islamique et l\u2019horloge \u00e0 \u00e9l\u00e9phant\" \/><\/a><\/td>\n<td>\n<h3><a href=\"https:\/\/schillerinstitute.com\/fr\/media\/hussein-askary-la-beaute-de-la-renaissance-islamique-lhorloge-elephant\/\">La beaut\u00e9 de la Renaissance islamique et l\u2019horloge \u00e0 \u00e9l\u00e9phant<\/a><\/h3>\n<p><strong>Hussein Askary<\/strong><br \/>\nResponsable du Moyen-Orient \u00e0 l\u2019Institut Schiller.<\/td>\n<\/tr>\n<\/tbody>\n<\/table>\n<\/div>\n<\/div>\n<p><a href=\"http:\/\/newparadigm.schillerinstitute.com\/wp-content\/uploads\/2016\/06\/Konf-Pgm_Berlin-2016_05_FR.pdf\" class=\"custom-button small\">PROGRAMME EN PDF<\/a><\/p>\n<\/div>\n<div class=\"tab-content\">\n<h3 class=\"spip\">Cr\u00e9er un avenir commun pour l\u2019humanit\u00e9 et une renaissance de la culture classique<\/h3>\n<p>La conf\u00e9rence internationale de l\u2019Institut Schiller \u00e0 Berlin les 25 et 26 juin, a rassembl\u00e9 plus de 300 personnes, sur le th\u00e8me \u00ab\u00a0Cr\u00e9er un avenir commun pour l\u2019humanit\u00e9 et une renaissance de la culture classique\u00a0\u00bb.<\/p>\n<p>Des repr\u00e9sentants politiques, militaires, experts et acad\u00e9miques, sont venus des quatre continents pour t\u00e9moigner du chaos et des horreurs de la guerre perp\u00e9tuelle qui meurtrissent aujourd\u2019hui les populations, et d\u2019une crise strat\u00e9gique \u00ab\u00a0plus dangereuse que l\u2019apog\u00e9e de la guerre froide\u00a0\u00bb.<\/p>\n<p>Pour s\u2019en sortir et surmonter la crise globale\u00a0: des programmes de reconstruction et des solutions dans l\u2019esprit du projet de la Nouvelle route de la soie, ont \u00e9t\u00e9 propos\u00e9s. L\u2019objectif principal\u00a0: recentrer l\u2019\u00e9conomie, la science et la culture, sur le d\u00e9veloppement et le bonheur de l\u2019humanit\u00e9.<\/p>\n<\/div>\n<div class=\"tab-content\">\n<h3 class=\"spip\">R\u00e9solution pour une Renaissance du Y\u00e9men<\/h3>\n<p>La conf\u00e9rence de l\u2019Institut Schiller du 25 et 26 juin \u00e0 Berlin envoi ses salutations les plus sinc\u00e8res en soutien \u00e0 la grande nation du Y\u00e9men et le groupe d\u2019\u00e9tudes anim\u00e9 par le Dr Fouad Al-Ghaffari.<\/p>\n<p>Votre leadership intellectuel courageux, litt\u00e9ralement sous les bombes de forces quasi-sataniques, appara\u00eet d\u00e9j\u00e0, aux yeux de milliers de gens aux \u00c9tats-Unis, en Am\u00e9rique latine et en Europe, comme une source d\u2019inspiration majeure.<\/p>\n<p>Nous nous engageons solennellement \u00e0 combattre pour la reconstruction du Y\u00e9men par son int\u00e9gration au projet de Nouvelle route de la soie. La Renaissance du Y\u00e9men, ainsi que la reconstruction de vos tr\u00e9sors architecturaux, sont sans doute la seule fa\u00e7on ad\u00e9quate pour honorer les vies de tant d\u2019enfants, de femmes et d\u2019hommes assassin\u00e9s. Ce n\u2019est qu\u2019ainsi que votre nation, une perle parmi les pays de l\u2019Asie du Sud-Ouest, recouvrira rapidement toute sa place et son rayonnement.<\/p>\n<\/div>\n<div class=\"tab-content\">\n<h3 class=\"spip\">R\u00e9solution pour la lev\u00e9e des sanctions contre la Russie et la Syrie<\/h3>\n<p>Nous, r\u00e9unis le 25 et 26 juin 2016 \u00e0 Berlin pour la conf\u00e9rence de l\u2019Institut Schiller sur le th\u00e8me \u00ab\u00a0Cr\u00e9er un avenir commun pour l\u2019humanit\u00e9 et une renaissance de la culture classique\u00a0\u00bb, lan\u00e7ons un appel pour la lev\u00e9e imm\u00e9diate des sanctions contre la Russie et la Syrie, car il ne s\u2019agit d\u2019autre chose que d\u2019un instrument agressif de pression et d\u2019escalade belliqueuse des puissances occidentales. De telles sanctions refl\u00e8tent la tradition g\u00e9opolitique de l\u2019Empire britannique contre le principe de souverainet\u00e9 nationale et l\u2019avantage d\u2019autrui d\u00e9finis par le Trait\u00e9 de Westphalie (mettant fin, en 1648, \u00e0 la guerre de Trente ans).<\/p>\n<p>Pour mettre fin au conflit, nous appelons \u00e0 la tenue d\u2019une conf\u00e9rence internationale pour la reconstruction de la Syrie sur la base de l\u2019approche gagnant\/gagnant promue par le projet chinois de Nouvelle route de la soie. Nous demandons \u00e9galement aux pays europ\u00e9ens et aux \u00c9tats-Unis de se joindre \u00e0 la proposition chinoise de reconstruire la Syrie des destructions caus\u00e9es par leurs guerres dans toute la r\u00e9gion du Moyen-Orient.<\/p>\n<p>Cela commence, \u00e9videmment, par l\u2019\u00e9radication du terrorisme et par l\u2019inspiration d\u2019un engagement commun de religions, de cultures et de civilisations en vue de la construction d\u2019un monde meilleur pour nous tous. La Syrie, dont l\u2019unit\u00e9 nationale r\u00e9sulte de la convergence des meilleurs courants de diff\u00e9rentes cultures, doit devenir le symbole de beaut\u00e9 pour la cause d\u2019une paix mondiale par le d\u00e9veloppement et la cr\u00e9ativit\u00e9 commune.<\/p>\n<\/div>\n<\/div>\n<div class=\"clearfix\"><\/div>\n<!-- AddThis Advanced Settings generic via filter on the_content --><!-- AddThis Share Buttons generic via filter on the_content -->","protected":false},"excerpt":{"rendered":"<p>&nbsp; Pr\u00e9sentations &nbsp; Programme Introduction R\u00e9solution (Y\u00e9men) R\u00e9solution (la Russie et la Syrie) Panel 1 : Une crise strat\u00e9gique plus dangereuse que l\u2019apog\u00e9e de la guerre froide L\u2019avenir de l\u2019homme sera merveilleux, pourvu qu\u2019on lui \u00e9vite le destin des dinosaures Helga Zepp-LaRouche, Pr\u00e9sidente de l\u2019Institut&hellip;<!-- AddThis Advanced Settings generic via filter on get_the_excerpt --><!-- AddThis Share Buttons generic via filter on get_the_excerpt --><\/p>\n","protected":false},"author":15,"featured_media":0,"parent":0,"menu_order":0,"comment_status":"closed","ping_status":"closed","template":"template_portfolio1column.php","meta":{"_lmt_disableupdate":"","_lmt_disable":"","footnotes":""},"categories":[],"tags":[],"class_list":["post-34728","page","type-page","status-publish","hentry"],"featured_image_src":null,"_links":{"self":[{"href":"https:\/\/schillerinstitute.com\/fr\/wp-json\/wp\/v2\/pages\/34728","targetHints":{"allow":["GET"]}}],"collection":[{"href":"https:\/\/schillerinstitute.com\/fr\/wp-json\/wp\/v2\/pages"}],"about":[{"href":"https:\/\/schillerinstitute.com\/fr\/wp-json\/wp\/v2\/types\/page"}],"author":[{"embeddable":true,"href":"https:\/\/schillerinstitute.com\/fr\/wp-json\/wp\/v2\/users\/15"}],"replies":[{"embeddable":true,"href":"https:\/\/schillerinstitute.com\/fr\/wp-json\/wp\/v2\/comments?post=34728"}],"version-history":[{"count":0,"href":"https:\/\/schillerinstitute.com\/fr\/wp-json\/wp\/v2\/pages\/34728\/revisions"}],"wp:attachment":[{"href":"https:\/\/schillerinstitute.com\/fr\/wp-json\/wp\/v2\/media?parent=34728"}],"wp:term":[{"taxonomy":"category","embeddable":true,"href":"https:\/\/schillerinstitute.com\/fr\/wp-json\/wp\/v2\/categories?post=34728"},{"taxonomy":"post_tag","embeddable":true,"href":"https:\/\/schillerinstitute.com\/fr\/wp-json\/wp\/v2\/tags?post=34728"}],"curies":[{"name":"wp","href":"https:\/\/api.w.org\/{rel}","templated":true}]}}