{"id":74043,"date":"2021-05-12T11:30:40","date_gmt":"2021-05-12T15:30:40","guid":{"rendered":"https:\/\/schillerinstitute.com\/?page_id=74043"},"modified":"2021-05-20T03:33:57","modified_gmt":"2021-05-20T07:33:57","slug":"stoppt-die-sanktionen","status":"publish","type":"page","link":"https:\/\/schillerinstitute.com\/de\/stoppt-die-sanktionen\/","title":{"rendered":"Stoppt die Sanktionen!"},"content":{"rendered":"<div class=\"small-title\">\n<h3><strong>Zepp-LaRouche: Dringender Appell, den V\u00f6lkermord in Syrien und Jemen zu stoppen und den moralischen Bankrott des Westens mit neuem Paradigma zu ersetzen<\/strong><\/h3>\n<div class=\"long-bar\"><\/div>\n<\/div>\n<div class=\"one-half\">\n<p><img loading=\"lazy\" decoding=\"async\" class=\"alignnone size-medium wp-image-72472\" src=\"https:\/\/schillerinstitute.com\/wp-content\/uploads\/2021\/04\/Helga-Zenari-Yemen-Syria.jpg-300x264.png\" alt=\"\" width=\"300\" height=\"264\" srcset=\"https:\/\/schillerinstitute.com\/wp-content\/uploads\/2021\/04\/Helga-Zenari-Yemen-Syria.jpg-300x264.png 300w, https:\/\/schillerinstitute.com\/wp-content\/uploads\/2021\/04\/Helga-Zenari-Yemen-Syria.jpg-768x675.png 768w, https:\/\/schillerinstitute.com\/wp-content\/uploads\/2021\/04\/Helga-Zenari-Yemen-Syria.jpg.png 997w\" sizes=\"auto, (max-width: 300px) 100vw, 300px\" \/><\/p>\n<\/div>\n<div class=\"one-half last\">\n<p>15. April \u2013 Das Schiller-Institut verbreitet einen dringenden Appell seiner Gr\u00fcnderin Helga Zepp-LaRouche, worin diese auf den Aufruf des Apostolischen Nuntius in Syrien, Kardinal Mario Zenari, reagiert, der die Welt auf die akute humanit\u00e4re Notlage in Syrien nach neun Jahren Krieg und brutalen \u201eSanktionen\u201c des US-Au\u00dfenministeriums <a href=\"https:\/\/www.exaudi.org\/feature-cardinal-zenari-urgent-radical-solutions-needed-for-syria\/\">aufmerksam gemacht hat<\/a>. Eine Reihe anderer Regierungen, insbesondere die britische, unterst\u00fctzen diese Politik. Die sofortige Aufhebung der sogenannten \u201eCaesar-Sanktionen\u201c,<\/div>\n<div class=\"clearfix\"><\/div>\n<p>die gegen Syrien verh\u00e4ngt wurden, wird nicht nur in diesem Land den Massenhunger und die Armut stoppen, sondern auch dem Rest der Menschheit zugute kommen. Es ist an der Zeit, wie der Kardinal sagt, den Weg des Friedens durch Entwicklung zu beschreiten und die moralische Gleichg\u00fcltigkeit zu \u00fcberwinden, die zunehmend das Hauptproblem f\u00fcr die Katastrophe zu werden droht, die sich auf der gesamten Welt entwickelt.<\/p>\n<p><a href=\"https:\/\/schillerinstitute.com\/de\/blog\/2021\/04\/17\/zepp-larouche-dringender-appell-den-voelkermord-in-syrien-und-jemen-zu-stoppen-und-den-moralischen-bankrott-des-westens-mit-neuem-paradigma-zu-ersetzen\/\" class=\"custom-button small\" data-newwindow=\"true\">Weiterlesen<\/a><\/p>\n<div class=\"hr\">\n<hr \/>\n<\/div>\n<div class=\"small-title\">\n<h3><strong>Bitte helfen Sie mit, das Material zu verbreiten, um damit eine breite Unterst\u00fctzung f\u00fcr die Forderung nach der Beendigung der m\u00f6rderischen Sanktionen zu schaffen. Unilaterale Sanktionen t\u00f6ten, sie sind v\u00f6lkerrechtlich illegitim und die Regierungen haben kein Recht sie einzusetzen . Kontaktieren Sie uns bitte unter 0611-2052065 oder per Email: si@schiller-institut.de<\/strong> <\/h3>\n<div class=\"long-bar\"><\/div>\n<\/div>\n<div class=\"hr\">\n<hr \/>\n<\/div>\n<div class=\"cpt-alm-main\" id=\"cptalm_69edcbb20be2a\"><div class=\"cpt-alm-wrapper  cpt-alm-grid-1\" data-id=\"cptalm_69edcbb20be2a\"data-post-type=\"post, page\"data-post-status=\"publish\"data-posts-per-page=\"3\"data-init-load=\"6\"data-category=\"stoppt-die-sanktionen\"data-category--and=\"\"data-category--not-in=\"\"data-tag=\"\"data-tag--and=\"\"data-tag--not-in=\"\"data-taxonomy=\"\"data-taxonomy-terms=\"\"data-taxonomy-operator=\"\"data-taxonomy-relation=\"\"data-order=\"DESC\"data-orderby=\"date\"data-offset=\"6\"data-template=\"default\"data-default-css=\"yes\"data-scroll=\"\"data-grid=\"1\"data-item-class=\"\"data-container-class=\"\"data-button-text=\"Load More\"data-button-color=\"#6bd298\"data-loading-style=\"normal\"data-loading-text=\"Loading...\"data-found-posts=\"26\"><div class=\"cpt-alm-item cpt-alm-col-12 \"><div class=\"cpt-list-box\">\r\n\t<div class=\"cpt-list-box-img\" style=\"background: url(https:\/\/schillerinstitute.com\/wp-content\/uploads\/2023\/02\/Wiki-composite-Syria-Earthquake-aftermath-600x600.png)\">\r\n\t\t<a href=\"https:\/\/schillerinstitute.com\/de\/blog\/2023\/03\/01\/alle-sanktionen-gegen-syrien-muessen-aufgehoben-und-die-us-besatzung-beendet-werden\/\">\r\n\t\t\t<span class=\"cpt-list-details\">Read More<\/span>\r\n\t\t<\/a>\r\n\t<\/div>\r\n\t<div class=\"cpt-list-box-text\">\r\n\t\t<a href=\"https:\/\/schillerinstitute.com\/de\/blog\/2023\/03\/01\/alle-sanktionen-gegen-syrien-muessen-aufgehoben-und-die-us-besatzung-beendet-werden\/\"><h3>Alle Sanktionen gegen Syrien m\u00fcssen aufgehoben und die US-Besatzung beendet werden<\/h3>\r\n\t\t\t<p>28. Februar 2023 (EIRNS) &#8211; Die LaRouche-Bewegung verbreitet die folgende Vorabver\u00f6ffentlichung des Leitartikels des kommenden EIR-Magazins als Teil einer intensiven, konzertierten Anstrengung, die sich an die Mitglieder des US-Kongresses richt... <\/p>\r\n\t\t\t<div class=\"cpt-list-metainfo\">\r\n\t\t\t\t<div class=\"cpt-post-meta\">\r\n\t\t\t\t\t<span class=\"cpt-user\"><i class=\"cpt-icon cpt-user-icon\"><\/i> By madeleine<\/span>\r\n\t\t\t\t\t<span class=\"cpt-comments\"><i class=\"cpt-icon cpt-comments-icon\"><\/i> No comments<\/span>\r\n\t\t\t\t<\/div>\r\n\t\t\t<\/div>\r\n\t\t<\/a>\r\n\t<\/div>\r\n\t<div class=\"clear\"><\/div>\r\n<\/div><\/div><div class=\"cpt-alm-item cpt-alm-col-12 \"><div class=\"cpt-list-box\">\r\n\t<div class=\"cpt-list-box-img\" style=\"background: url(https:\/\/schillerinstitute.com\/wp-content\/uploads\/2023\/02\/2023-02-07-HZL-Earthquakes-Turkey-Syria-600x600.png)\">\r\n\t\t<a href=\"https:\/\/schillerinstitute.com\/de\/blog\/2023\/02\/08\/diese-tragoedie-als-chance-nutzen-alle-sanktionen-gegen-syrien-aufzuheben\/\">\r\n\t\t\t<span class=\"cpt-list-details\">Read More<\/span>\r\n\t\t<\/a>\r\n\t<\/div>\r\n\t<div class=\"cpt-list-box-text\">\r\n\t\t<a href=\"https:\/\/schillerinstitute.com\/de\/blog\/2023\/02\/08\/diese-tragoedie-als-chance-nutzen-alle-sanktionen-gegen-syrien-aufzuheben\/\"><h3>Diese Trag\u00f6die als Chance nutzen, alle Sanktionen gegen Syrien aufzuheben<\/h3>\r\n\t\t\t<p>von Helga Zepp-LaRouche Das j\u00fcngste Doppelerdbeben in der S\u00fcdt\u00fcrkei und im Nordwesten Syriens ist eine schreckliche Katastrophe, die weltweit eine Welle von Emotionen und Empathie ausl\u00f6st. Die Situation wird sich wahrscheinlich noch verschlimmern... <\/p>\r\n\t\t\t<div class=\"cpt-list-metainfo\">\r\n\t\t\t\t<div class=\"cpt-post-meta\">\r\n\t\t\t\t\t<span class=\"cpt-user\"><i class=\"cpt-icon cpt-user-icon\"><\/i> By madeleine<\/span>\r\n\t\t\t\t\t<span class=\"cpt-comments\"><i class=\"cpt-icon cpt-comments-icon\"><\/i> No comments<\/span>\r\n\t\t\t\t<\/div>\r\n\t\t\t<\/div>\r\n\t\t<\/a>\r\n\t<\/div>\r\n\t<div class=\"clear\"><\/div>\r\n<\/div><\/div><div class=\"cpt-alm-item cpt-alm-col-12 \"><div class=\"cpt-list-box\">\r\n\t<div class=\"cpt-list-box-img\" style=\"background: url(https:\/\/schillerinstitute.com\/wp-content\/uploads\/2022\/01\/A-Difference-In-Leadership_-Can-War-with-Russia-Still-Be-Averted_.02_44_39_23.Still003-600x600.png)\">\r\n\t\t<a href=\"https:\/\/schillerinstitute.com\/de\/blog\/2022\/08\/18\/webcast-forderung-nach-diplomatie-ist-keine-russische-propaganda\/\">\r\n\t\t\t<span class=\"cpt-list-details\">Read More<\/span>\r\n\t\t<\/a>\r\n\t<\/div>\r\n\t<div class=\"cpt-list-box-text\">\r\n\t\t<a href=\"https:\/\/schillerinstitute.com\/de\/blog\/2022\/08\/18\/webcast-forderung-nach-diplomatie-ist-keine-russische-propaganda\/\"><h3>Webcast: Forderung nach Diplomatie ist keine \u201erussische Propaganda&#8220;<\/h3>\r\n\t\t\t<p>Helga Zepp-LaRouche wies auf die \u00c4u\u00dferungen von Pr\u00e4sident Putin auf der Moskauer Sicherheitskonferenz hin, in denen er sagte, die Welt befinde sich in einer \u00dcbergangsphase und es gebe ein enormes Potenzial f\u00fcr eine neue finanzielle und strategis... <\/p>\r\n\t\t\t<div class=\"cpt-list-metainfo\">\r\n\t\t\t\t<div class=\"cpt-post-meta\">\r\n\t\t\t\t\t<span class=\"cpt-user\"><i class=\"cpt-icon cpt-user-icon\"><\/i> By madeleine<\/span>\r\n\t\t\t\t\t<span class=\"cpt-comments\"><i class=\"cpt-icon cpt-comments-icon\"><\/i> No comments<\/span>\r\n\t\t\t\t<\/div>\r\n\t\t\t<\/div>\r\n\t\t<\/a>\r\n\t<\/div>\r\n\t<div class=\"clear\"><\/div>\r\n<\/div><\/div><div class=\"cpt-alm-item cpt-alm-col-12 \"><div class=\"cpt-list-box\">\r\n\t<div class=\"cpt-list-box-img\" style=\"background: url(https:\/\/schillerinstitute.com\/wp-content\/uploads\/2022\/08\/UNDP-Syrian-Electricity-Needs.png)\">\r\n\t\t<a href=\"https:\/\/schillerinstitute.com\/de\/blog\/2022\/08\/10\/sanktionen-verkrueppeln-das-einst-stolze-und-stetig-wachsende-syrien\/\">\r\n\t\t\t<span class=\"cpt-list-details\">Read More<\/span>\r\n\t\t<\/a>\r\n\t<\/div>\r\n\t<div class=\"cpt-list-box-text\">\r\n\t\t<a href=\"https:\/\/schillerinstitute.com\/de\/blog\/2022\/08\/10\/sanktionen-verkrueppeln-das-einst-stolze-und-stetig-wachsende-syrien\/\"><h3>Sanktionen verkr\u00fcppeln das einst stolze und stetig wachsende Syrien<\/h3>\r\n\t\t\t<p>9. August 2022 (EIRNS) &#8211; Das UN-B\u00fcro f\u00fcr die Koordinierung humanit\u00e4rer Angelegenheiten (OCHA) ver\u00f6ffentlichte im M\u00e4rz 2022 eine Studie mit dem Titel &#8222;Syrian Arab Republic: Access to Electricity and Humanitarian Needs&#8220; (Syrisch-... <\/p>\r\n\t\t\t<div class=\"cpt-list-metainfo\">\r\n\t\t\t\t<div class=\"cpt-post-meta\">\r\n\t\t\t\t\t<span class=\"cpt-user\"><i class=\"cpt-icon cpt-user-icon\"><\/i> By madeleine<\/span>\r\n\t\t\t\t\t<span class=\"cpt-comments\"><i class=\"cpt-icon cpt-comments-icon\"><\/i> No comments<\/span>\r\n\t\t\t\t<\/div>\r\n\t\t\t<\/div>\r\n\t\t<\/a>\r\n\t<\/div>\r\n\t<div class=\"clear\"><\/div>\r\n<\/div><\/div><div class=\"cpt-alm-item cpt-alm-col-12 \"><div class=\"cpt-list-box\">\r\n\t<div class=\"cpt-list-box-img\" style=\"background: url(https:\/\/schillerinstitute.com\/wp-content\/uploads\/2022\/02\/HZL-Afghanistan-eine-Holle-auf-Erden-1-600x600.png)\">\r\n\t\t<a href=\"https:\/\/schillerinstitute.com\/de\/blog\/2022\/02\/11\/helga-zepp-larouche-afghanistan-eine-hoelle-auf-erden\/\">\r\n\t\t\t<span class=\"cpt-list-details\">Read More<\/span>\r\n\t\t<\/a>\r\n\t<\/div>\r\n\t<div class=\"cpt-list-box-text\">\r\n\t\t<a href=\"https:\/\/schillerinstitute.com\/de\/blog\/2022\/02\/11\/helga-zepp-larouche-afghanistan-eine-hoelle-auf-erden\/\"><h3>Helga Zepp-LaRouche: Afghanistan: eine H\u00f6lle auf Erden<\/h3>\r\n\t\t\t<p>Beim Internetseminar \u201eDie humanit\u00e4re Krise in Afghanistan: auf dem Weg zu einer langfristigen L\u00f6sung\u201c des Russischen Rats f\u00fcr Internationale Angelegenheiten und des Schiller-Instituts am 10. Februar hielt Helga Zepp-LaRouche das folgende Einga... <\/p>\r\n\t\t\t<div class=\"cpt-list-metainfo\">\r\n\t\t\t\t<div class=\"cpt-post-meta\">\r\n\t\t\t\t\t<span class=\"cpt-user\"><i class=\"cpt-icon cpt-user-icon\"><\/i> By madeleine<\/span>\r\n\t\t\t\t\t<span class=\"cpt-comments\"><i class=\"cpt-icon cpt-comments-icon\"><\/i> No comments<\/span>\r\n\t\t\t\t<\/div>\r\n\t\t\t<\/div>\r\n\t\t<\/a>\r\n\t<\/div>\r\n\t<div class=\"clear\"><\/div>\r\n<\/div><\/div><div class=\"cpt-alm-item cpt-alm-col-12 \"><div class=\"cpt-list-box\">\r\n\t<div class=\"cpt-list-box-img\" style=\"background: url(https:\/\/schillerinstitute.com\/wp-content\/uploads\/2022\/02\/MaglianoNew-600x600.jpg)\">\r\n\t\t<a href=\"https:\/\/schillerinstitute.com\/de\/blog\/2022\/02\/09\/katholischer-journalist-wir-haben-die-moralische-verpflichtung-afghanen-vor-dem-verhungern-zu-retten\/\">\r\n\t\t\t<span class=\"cpt-list-details\">Read More<\/span>\r\n\t\t<\/a>\r\n\t<\/div>\r\n\t<div class=\"cpt-list-box-text\">\r\n\t\t<a href=\"https:\/\/schillerinstitute.com\/de\/blog\/2022\/02\/09\/katholischer-journalist-wir-haben-die-moralische-verpflichtung-afghanen-vor-dem-verhungern-zu-retten\/\"><h3>Katholischer Journalist: Wir haben die moralische Verpflichtung, Afghanen vor dem Verhungern zu retten<\/h3>\r\n\t\t\t<p>Tony Magliano, ein katholischer Kolumnist f\u00fcr Frieden und Gerechtigkeit, der international publiziert, ver\u00f6ffentlichte am 3. Februar auf Catholic Online einen Artikel mit der \u00dcberschrift \u201eWir haben die moralische Verpflichtung, Afghanen vor dem ... <\/p>\r\n\t\t\t<div class=\"cpt-list-metainfo\">\r\n\t\t\t\t<div class=\"cpt-post-meta\">\r\n\t\t\t\t\t<span class=\"cpt-user\"><i class=\"cpt-icon cpt-user-icon\"><\/i> By madeleine<\/span>\r\n\t\t\t\t\t<span class=\"cpt-comments\"><i class=\"cpt-icon cpt-comments-icon\"><\/i> No comments<\/span>\r\n\t\t\t\t<\/div>\r\n\t\t\t<\/div>\r\n\t\t<\/a>\r\n\t<\/div>\r\n\t<div class=\"clear\"><\/div>\r\n<\/div><\/div><\/div>\r\n\t\t\t<div class=\"cpt-alm-read-more\">\r\n\t\t\t\t<div class=\"cpt-alm-loader cpt-custom-loader\"><div class=\"cpt-loading-icon loading-normal-inner\">\r\n\t\t\t\t<div><\/div><div><\/div><div><\/div><div><\/div><div><\/div><div><\/div><div><\/div><div><\/div><div><\/div><div><\/div><div><\/div><div><\/div><\/div><\/div>\r\n\t\t\t\t<a href=\"javascript:void(0)\" class=\"cpt-alm-btn-load-more\">\r\n\t\t\t\tLoad More\r\n\t\t\t\t<\/a>\r\n\t\t\t<\/div><\/div>\n<!-- AddThis Advanced Settings generic via filter on the_content --><!-- AddThis Share Buttons generic via filter on the_content -->","protected":false},"excerpt":{"rendered":"<p>Zepp-LaRouche: Dringender Appell, den V\u00f6lkermord in Syrien und Jemen zu stoppen und den moralischen Bankrott des Westens mit neuem Paradigma zu ersetzen 15. April \u2013 Das Schiller-Institut verbreitet einen dringenden Appell seiner Gr\u00fcnderin Helga Zepp-LaRouche, worin diese auf den Aufruf des Apostolischen Nuntius in Syrien,&hellip;<!-- AddThis Advanced Settings generic via filter on get_the_excerpt --><!-- AddThis Share Buttons generic via filter on get_the_excerpt --><\/p>\n","protected":false},"author":34,"featured_media":0,"parent":0,"menu_order":0,"comment_status":"closed","ping_status":"closed","template":"","meta":{"_lmt_disableupdate":"no","_lmt_disable":"","footnotes":""},"categories":[],"tags":[],"class_list":["post-74043","page","type-page","status-publish","hentry"],"featured_image_src":null,"_links":{"self":[{"href":"https:\/\/schillerinstitute.com\/de\/wp-json\/wp\/v2\/pages\/74043","targetHints":{"allow":["GET"]}}],"collection":[{"href":"https:\/\/schillerinstitute.com\/de\/wp-json\/wp\/v2\/pages"}],"about":[{"href":"https:\/\/schillerinstitute.com\/de\/wp-json\/wp\/v2\/types\/page"}],"author":[{"embeddable":true,"href":"https:\/\/schillerinstitute.com\/de\/wp-json\/wp\/v2\/users\/34"}],"replies":[{"embeddable":true,"href":"https:\/\/schillerinstitute.com\/de\/wp-json\/wp\/v2\/comments?post=74043"}],"version-history":[{"count":29,"href":"https:\/\/schillerinstitute.com\/de\/wp-json\/wp\/v2\/pages\/74043\/revisions"}],"predecessor-version":[{"id":74138,"href":"https:\/\/schillerinstitute.com\/de\/wp-json\/wp\/v2\/pages\/74043\/revisions\/74138"}],"wp:attachment":[{"href":"https:\/\/schillerinstitute.com\/de\/wp-json\/wp\/v2\/media?parent=74043"}],"wp:term":[{"taxonomy":"category","embeddable":true,"href":"https:\/\/schillerinstitute.com\/de\/wp-json\/wp\/v2\/categories?post=74043"},{"taxonomy":"post_tag","embeddable":true,"href":"https:\/\/schillerinstitute.com\/de\/wp-json\/wp\/v2\/tags?post=74043"}],"curies":[{"name":"wp","href":"https:\/\/api.w.org\/{rel}","templated":true}]}}