{"id":41076,"date":"2017-04-12T19:55:00","date_gmt":"2017-04-12T17:55:00","guid":{"rendered":"http:\/\/newparadigm.schillerinstitute.com\/centennial-german-american-space-pioneer-realizing-krafft-ehrickes-vision-future-mankind\/"},"modified":"2017-04-27T12:14:14","modified_gmt":"2017-04-27T10:14:14","slug":"centennial-german-american-space-pioneer-realizing-krafft-ehrickes-vision-future-mankind","status":"publish","type":"page","link":"https:\/\/schillerinstitute.com\/de\/centennial-german-american-space-pioneer-realizing-krafft-ehrickes-vision-future-mankind\/","title":{"rendered":"Krafft Ehrickes Vision f\u00fcr die Zukunft der Menschheit: Schiller Institut Konferenz in M\u00fcnchen"},"content":{"rendered":"<div class=\"big-title\">\n<div class=\"bar\"><\/div>\n<h2><strong>Schiller Institut Konferenz in M\u00fcnchen<\/strong><\/h2>\n<p class=\"sub-title\"><strong>Krafft Ehrickes Vision f\u00fcr die Zukunft der Menschheit<\/strong><\/p>\n<\/div>\n<h3><strong><em>25. M\u00e4rz 2017<\/em><\/strong><\/h3>\n<div class=\"hr\">\n<hr \/>\n<\/div>\n<div class=\"two-third\">\n<p><iframe loading=\"lazy\" width=\"960\" height=\"540\" src=\"https:\/\/www.youtube.com\/embed\/op4Yj2ErYsE?feature=oembed\" frameborder=\"0\" allowfullscreen><\/iframe><\/p>\n<\/div>\n<div class=\"one-third last\">\n<h3>\u201eWeltweite Aufbruchstimmung mit der Neuen Seidenstrasse! Welche Rolle spielt Deutschland?\u201c<\/h3>\n<h2>Helga Zepp-LaRouche<\/h2>\n<p>Vorsitzende des Schiller-Instituts e.V.<\/p>\n<\/div>\n<div class=\"clearfix\"><\/div>\n<div class=\"hr\">\n<hr \/>\n<\/div>\n<div class=\"two-third\">\n<p><iframe loading=\"lazy\" width=\"960\" height=\"540\" src=\"https:\/\/www.youtube.com\/embed\/7UGxP7u8MJs?feature=oembed\" frameborder=\"0\" allowfullscreen><\/iframe><\/p>\n<\/div>\n<div class=\"one-third last\">\n<h3>&#8222;Kreativit\u00e4t&#8211; die einzig wichtige Ressource&#8220;<\/h3>\n<h2>Prof. Dr. Carl Otto Weiss<\/h2>\n<p>ehemals Direktor und Professor an der Physikalisch-Technischen Bundesanstalt.<\/p>\n<\/div>\n<div class=\"clearfix\"><\/div>\n<div class=\"hr\">\n<hr \/>\n<\/div>\n<div class=\"two-third\">\n<p><iframe loading=\"lazy\" width=\"960\" height=\"540\" src=\"https:\/\/www.youtube.com\/embed\/VzQUxJaZYmc?feature=oembed\" frameborder=\"0\" allowfullscreen><\/iframe><\/p>\n<\/div>\n<div class=\"one-third last\">\n<h3>&#8222;Chinas Raumfahrtprogramm &#8211; Hase oder Igel?&#8220;<\/h3>\n<h2>Jaqueline Myrrhe<\/h2>\n<p>Freie Journalistin f\u00fcr Raumfahrt, Neubrandenburg<\/p>\n<\/div>\n<div class=\"clearfix\"><\/div>\n<div class=\"hr\">\n<hr \/>\n<\/div>\n<p>&nbsp;<\/p>\n<p>&nbsp;<\/p>\n<p>&nbsp;<\/p>\n<p>&nbsp;<\/p>\n<!-- AddThis Advanced Settings generic via filter on the_content --><!-- AddThis Share Buttons generic via filter on the_content -->","protected":false},"excerpt":{"rendered":"<p>Schiller Institut Konferenz in M\u00fcnchen Krafft Ehrickes Vision f\u00fcr die Zukunft der Menschheit 25. M\u00e4rz 2017 \u201eWeltweite Aufbruchstimmung mit der Neuen Seidenstrasse! Welche Rolle spielt Deutschland?\u201c Helga Zepp-LaRouche Vorsitzende des Schiller-Instituts e.V. &#8222;Kreativit\u00e4t&#8211; die einzig wichtige Ressource&#8220; Prof. Dr. Carl Otto Weiss ehemals Direktor und&hellip;<!-- AddThis Advanced Settings generic via filter on get_the_excerpt --><!-- AddThis Share Buttons generic via filter on get_the_excerpt --><\/p>\n","protected":false},"author":15,"featured_media":0,"parent":0,"menu_order":0,"comment_status":"closed","ping_status":"closed","template":"template_fullwidth.php","meta":{"_lmt_disableupdate":"","_lmt_disable":"","footnotes":""},"categories":[],"tags":[],"class_list":["post-41076","page","type-page","status-publish","hentry"],"featured_image_src":null,"_links":{"self":[{"href":"https:\/\/schillerinstitute.com\/de\/wp-json\/wp\/v2\/pages\/41076","targetHints":{"allow":["GET"]}}],"collection":[{"href":"https:\/\/schillerinstitute.com\/de\/wp-json\/wp\/v2\/pages"}],"about":[{"href":"https:\/\/schillerinstitute.com\/de\/wp-json\/wp\/v2\/types\/page"}],"author":[{"embeddable":true,"href":"https:\/\/schillerinstitute.com\/de\/wp-json\/wp\/v2\/users\/15"}],"replies":[{"embeddable":true,"href":"https:\/\/schillerinstitute.com\/de\/wp-json\/wp\/v2\/comments?post=41076"}],"version-history":[{"count":0,"href":"https:\/\/schillerinstitute.com\/de\/wp-json\/wp\/v2\/pages\/41076\/revisions"}],"wp:attachment":[{"href":"https:\/\/schillerinstitute.com\/de\/wp-json\/wp\/v2\/media?parent=41076"}],"wp:term":[{"taxonomy":"category","embeddable":true,"href":"https:\/\/schillerinstitute.com\/de\/wp-json\/wp\/v2\/categories?post=41076"},{"taxonomy":"post_tag","embeddable":true,"href":"https:\/\/schillerinstitute.com\/de\/wp-json\/wp\/v2\/tags?post=41076"}],"curies":[{"name":"wp","href":"https:\/\/api.w.org\/{rel}","templated":true}]}}